{"id":2874,"date":"2024-08-22T11:44:44","date_gmt":"2024-08-22T11:44:44","guid":{"rendered":"https:\/\/formaz.be\/formations\/transport-interne\/chariot-elevateur-telescopique-fixe\/details-de-la-formation-des-operateurs-de-chariots-telescopiques-rigides\/"},"modified":"2024-08-30T11:54:41","modified_gmt":"2024-08-30T11:54:41","slug":"details-de-la-formation-des-operateurs-de-chariots-telescopiques-rigides","status":"publish","type":"page","link":"https:\/\/formaz.be\/fr\/formations\/transport-interne\/chariot-elevateur-telescopique-fixe\/details-de-la-formation-des-operateurs-de-chariots-telescopiques-rigides\/","title":{"rendered":"D\u00e9tails de la formation \u00e0 la comp\u00e9tence des op\u00e9rateurs de chariots t\u00e9lescopiques rigides"},"content":{"rendered":"[vc_row type=\u00a0\u00bbin_container\u00a0\u00bb full_screen_row_position=\u00a0\u00bbmiddle\u00a0\u00bb column_margin=\u00a0\u00bbdefault\u00a0\u00bb column_direction=\u00a0\u00bbdefault\u00a0\u00bb column_direction_tablet=\u00a0\u00bbcolumn_reverse\u00a0\u00bb column_direction_phone=\u00a0\u00bbdefault\u00a0\u00bb scene_position=\u00a0\u00bbcenter\u00a0\u00bb top_padding=\u00a0\u00bb3%\u00a0\u00bb constrain_group_1=\u00a0\u00bbyes\u00a0\u00bb bottom_padding=\u00a0\u00bb3%\u00a0\u00bb text_color=\u00a0\u00bbdark\u00a0\u00bb text_align=\u00a0\u00bbleft\u00a0\u00bb row_border_radius=\u00a0\u00bbnone\u00a0\u00bb row_border_radius_applies=\u00a0\u00bbbg\u00a0\u00bb overflow=\u00a0\u00bbvisible\u00a0\u00bb overlay_strength=\u00a0\u00bb0.3&Prime; gradient_direction=\u00a0\u00bbleft_to_right\u00a0\u00bb shape_divider_position=\u00a0\u00bbbottom\u00a0\u00bb bg_image_animation=\u00a0\u00bbnone\u00a0\u00bb gradient_type=\u00a0\u00bbdefault\u00a0\u00bb shape_type=\u00a0\u00bb\u00a0\u00bb][vc_column column_padding=\u00a0\u00bbno-extra-padding\u00a0\u00bb column_padding_tablet=\u00a0\u00bbinherit\u00a0\u00bb column_padding_phone=\u00a0\u00bbinherit\u00a0\u00bb column_padding_position=\u00a0\u00bball\u00a0\u00bb column_element_direction_desktop=\u00a0\u00bbdefault\u00a0\u00bb column_element_spacing=\u00a0\u00bbdefault\u00a0\u00bb desktop_text_alignment=\u00a0\u00bbdefault\u00a0\u00bb tablet_text_alignment=\u00a0\u00bbdefault\u00a0\u00bb phone_text_alignment=\u00a0\u00bbdefault\u00a0\u00bb background_color_opacity=\u00a0\u00bb1&Prime; background_hover_color_opacity=\u00a0\u00bb1&Prime; column_backdrop_filter=\u00a0\u00bbnone\u00a0\u00bb column_shadow=\u00a0\u00bbnone\u00a0\u00bb column_border_radius=\u00a0\u00bbnone\u00a0\u00bb column_link_target=\u00a0\u00bb_self\u00a0\u00bb column_position=\u00a0\u00bbdefault\u00a0\u00bb gradient_direction=\u00a0\u00bbleft_to_right\u00a0\u00bb overlay_strength=\u00a0\u00bb0.3&Prime; width=\u00a0\u00bb5\/6&Prime; tablet_width_inherit=\u00a0\u00bbdefault\u00a0\u00bb animation_type=\u00a0\u00bbdefault\u00a0\u00bb bg_image_animation=\u00a0\u00bbnone\u00a0\u00bb border_type=\u00a0\u00bbsimple\u00a0\u00bb column_border_width=\u00a0\u00bbnone\u00a0\u00bb column_border_style=\u00a0\u00bbsolid\u00a0\u00bb column_padding_type=\u00a0\u00bbdefault\u00a0\u00bb gradient_type=\u00a0\u00bbdefault\u00a0\u00bb][vc_column_text css=\u00a0\u00bb\u00a0\u00bb text_direction=\u00a0\u00bbdefault\u00a0\u00bb]\n<h2>D\u00e9tails de la formation \u00e0 la comp\u00e9tence des op\u00e9rateurs de chariots t\u00e9lescopiques rigides<\/h2>\n[\/vc_column_text][vc_column_text css=\u00a0\u00bb\u00a0\u00bb text_direction=\u00a0\u00bbdefault\u00a0\u00bb]\n<h3>Qu&rsquo;est-ce qu&rsquo;un appareil de manutention t\u00e9lescopique rigide ?<\/h3>\n<p>Un chariot t\u00e9lescopique rigide est dot\u00e9 d\u2019un m\u00e2t t\u00e9lescopique non rotatif et est utilis\u00e9 lorsque la charge doit \u00eatre d\u00e9pos\u00e9e \u00e0 une certaine hauteur sans qu\u2019il soit possible de se tenir juste en dessous de lemplacement.<br \/>Par exemple, pour la livraison de palettes de tuiles sur les chantiers de construction. <\/p>\n<h3>Contenu :<\/h3>\n<p>Cette formation comprend 4 \u00e0 6 heures de th\u00e9orie en groupe et 10 \u00e0 12 heures de pratique.<\/p>\n<h3>Th\u00e9orie :<\/h3>\n<ul>\n<li>L\u00e9gislation<\/li>\n<li>Connaissances juridiques de base.<\/li>\n<li>Risques et accidents<\/li>\n<li>\u00catre capable d&rsquo;identifier, d&rsquo;analyser et de contr\u00f4ler les risques sp\u00e9cifiques aux \u00e9quipements et \u00e0 l&rsquo;espace.<\/li>\n<li>R\u00e8gles de s\u00e9curit\u00e9<\/li>\n<li>Manipulateur en bon \u00e9tat, respect des r\u00e8gles de s\u00e9curit\u00e9, conduite uniquement sur des sols ayant une capacit\u00e9 de charge suffisante, prise de charges pouvant \u00eatre manipul\u00e9es conform\u00e9ment au diagramme de charge.<\/li>\n<li>Construction de t\u00e9lescopiques<\/li>\n<li>Conna\u00eetre les concepts li\u00e9s \u00e0 la construction de l&rsquo;\u00e9l\u00e9vateur t\u00e9lescopique : ch\u00e2ssis, cabine de conduite, bras de levage, accessoires, b\u00e9quilles, plaque d&#8217;embarquement, stabilisateurs, pneus, syst\u00e8me hydraulique, v\u00e9rins, t\u00e9lescope, instruments de commande, modes de conduite, moteur \u00e0 combustion diesel, dispositifs de s\u00e9curit\u00e9&#8230;<\/li>\n<li>Travailler avec l&rsquo;appareil de manutention t\u00e9lescopique<\/li>\n<li>Conna\u00eetre les \u00e9l\u00e9ments qui composent le contr\u00f4le initial : frein \u00e0 main, frein \u00e0 pied, direction, test du syst\u00e8me hydraulique + c\u00e2blage \u00e9lectrique, contr\u00f4le sonore du klaxon, contr\u00f4le visuel des pneus, contr\u00f4le des niveaux de liquide, contr\u00f4le des fourches ou des accessoires, fonctionnement des instruments de contr\u00f4le + s\u00e9curit\u00e9 (ceinture de s\u00e9curit\u00e9, poign\u00e9e d&rsquo;homme mort, arr\u00eat d&rsquo;urgence) &#8230;.<\/li>\n<li>Conna\u00eetre les facteurs qui influencent la charge et la stabilit\u00e9 de l&rsquo;\u00e9l\u00e9vateur t\u00e9lescopique.<\/li>\n<li>Comprendre et \u00eatre capable d\u2019utiliser les diagrammes ainsi que le limiteur de charge. Tenir compte des risques de basculement avant et lat\u00e9ral et de la port\u00e9e. <\/li>\n<li>Mise \u00e0 l&rsquo;arr\u00eat.<\/li>\n<\/ul>\n<h3>Pratique :<\/h3>\n<ul>\n<li>Appliquer les r\u00e8gles de s\u00e9curit\u00e9 et de circulation : conduite d\u00e9fensive, interaction avec les personnes et les autres conducteurs.<\/li>\n<li>\u00catre capable d\u2019effectuer correctement l\u2019inspection quotidienne du chariot \u00e9l\u00e9vateur, de reconna\u00eetre les d\u00e9fauts et de les signaler.<\/li>\n<li>Comment entrer et quitter son chariot \u00e9l\u00e9vateur de mani\u00e8re s\u00e9curis\u00e9e. Comment s&rsquo;assurer qu&rsquo;un camion ou une remorque \u00e0 quai est correctement s\u00e9curis\u00e9.<\/li>\n<li>\u00catre capable d&rsquo;utiliser correctement les commandes.<\/li>\n<li>Appliquer les conseils de s\u00e9curit\u00e9 autour des moteurs \u00e0 combustion.<\/li>\n<li>Travailler proprement en respectant l&rsquo;ordre des man\u0153uvres.<\/li>\n<li>Contr\u00f4les techniques<\/li>\n<li>\u00catre capable d&rsquo;effectuer les man\u0153uvres suivantes : tourner et prendre des virages en avant et en arri\u00e8re, passer dans des passages tr\u00e8s \u00e9troits, tourner dans et hors des chemins.<br \/>\nConduire dans diff\u00e9rents modes de conduite. <\/li>\n<li>\u00catre capable d&rsquo;estimer les distances, la profondeur et la hauteur.<\/li>\n<li>Appliquer l&rsquo;ordre et la propret\u00e9<\/li>\n<\/ul>\n[\/vc_column_text][nectar_btn size=\u00a0\u00bbmedium\u00a0\u00bb button_style=\u00a0\u00bbregular\u00a0\u00bb button_color_2=\u00a0\u00bbExtra-Color-1&Prime; solid_text_color_override=\u00a0\u00bb#18467d\u00a0\u00bb icon_family=\u00a0\u00bbdefault_arrow\u00a0\u00bb el_class=\u00a0\u00bbpopmake-481&Prime; text=\u00a0\u00bbDemande de devis\u00a0\u00bb][\/vc_column][vc_column column_padding=\u00a0\u00bbno-extra-padding\u00a0\u00bb column_padding_tablet=\u00a0\u00bbinherit\u00a0\u00bb column_padding_phone=\u00a0\u00bbinherit\u00a0\u00bb column_padding_position=\u00a0\u00bball\u00a0\u00bb column_element_direction_desktop=\u00a0\u00bbdefault\u00a0\u00bb column_element_spacing=\u00a0\u00bbdefault\u00a0\u00bb desktop_text_alignment=\u00a0\u00bbdefault\u00a0\u00bb tablet_text_alignment=\u00a0\u00bbdefault\u00a0\u00bb phone_text_alignment=\u00a0\u00bbdefault\u00a0\u00bb sticky_content=\u00a0\u00bbtrue\u00a0\u00bb sticky_content_functionality=\u00a0\u00bbjs\u00a0\u00bb background_color_opacity=\u00a0\u00bb1&Prime; background_hover_color_opacity=\u00a0\u00bb1&Prime; column_backdrop_filter=\u00a0\u00bbnone\u00a0\u00bb column_shadow=\u00a0\u00bbnone\u00a0\u00bb column_border_radius=\u00a0\u00bbnone\u00a0\u00bb column_link_target=\u00a0\u00bb_self\u00a0\u00bb column_position=\u00a0\u00bbdefault\u00a0\u00bb gradient_direction=\u00a0\u00bbleft_to_right\u00a0\u00bb overlay_strength=\u00a0\u00bb0.3&Prime; width=\u00a0\u00bb1\/6&Prime; tablet_width_inherit=\u00a0\u00bbdefault\u00a0\u00bb animation_type=\u00a0\u00bbdefault\u00a0\u00bb bg_image_animation=\u00a0\u00bbnone\u00a0\u00bb border_type=\u00a0\u00bbsimple\u00a0\u00bb column_border_width=\u00a0\u00bbnone\u00a0\u00bb column_border_style=\u00a0\u00bbsolid\u00a0\u00bb column_padding_type=\u00a0\u00bbdefault\u00a0\u00bb gradient_type=\u00a0\u00bbdefault\u00a0\u00bb][image_with_animation image_url=\u00a0\u00bb265&Prime; image_size=\u00a0\u00bbfull\u00a0\u00bb animation_type=\u00a0\u00bbentrance\u00a0\u00bb animation=\u00a0\u00bbNone\u00a0\u00bb animation_movement_type=\u00a0\u00bbtransform_y\u00a0\u00bb hover_animation=\u00a0\u00bbnone\u00a0\u00bb alignment=\u00a0\u00bb\u00a0\u00bb border_radius=\u00a0\u00bbnone\u00a0\u00bb box_shadow=\u00a0\u00bbnone\u00a0\u00bb image_loading=\u00a0\u00bbdefault\u00a0\u00bb max_width=\u00a0\u00bb100%\u00a0\u00bb max_width_mobile=\u00a0\u00bbdefault\u00a0\u00bb][\/vc_column][\/vc_row][vc_row type=\u00a0\u00bbfull_width_background\u00a0\u00bb full_screen_row_position=\u00a0\u00bbmiddle\u00a0\u00bb column_margin=\u00a0\u00bbdefault\u00a0\u00bb column_direction=\u00a0\u00bbdefault\u00a0\u00bb column_direction_tablet=\u00a0\u00bbdefault\u00a0\u00bb column_direction_phone=\u00a0\u00bbdefault\u00a0\u00bb bg_color=\u00a0\u00bb#f8f8f8&Prime; scene_position=\u00a0\u00bbcenter\u00a0\u00bb top_padding=\u00a0\u00bb3%\u00a0\u00bb constrain_group_1=\u00a0\u00bbyes\u00a0\u00bb bottom_padding=\u00a0\u00bb3%\u00a0\u00bb text_color=\u00a0\u00bbdark\u00a0\u00bb text_align=\u00a0\u00bbleft\u00a0\u00bb row_border_radius=\u00a0\u00bbnone\u00a0\u00bb row_border_radius_applies=\u00a0\u00bbbg\u00a0\u00bb overflow=\u00a0\u00bbvisible\u00a0\u00bb overlay_strength=\u00a0\u00bb0.3&Prime; gradient_direction=\u00a0\u00bbleft_to_right\u00a0\u00bb shape_divider_position=\u00a0\u00bbbottom\u00a0\u00bb bg_image_animation=\u00a0\u00bbnone\u00a0\u00bb gradient_type=\u00a0\u00bbdefault\u00a0\u00bb shape_type=\u00a0\u00bb\u00a0\u00bb][vc_column column_padding=\u00a0\u00bbno-extra-padding\u00a0\u00bb column_padding_tablet=\u00a0\u00bbinherit\u00a0\u00bb column_padding_phone=\u00a0\u00bbinherit\u00a0\u00bb column_padding_position=\u00a0\u00bball\u00a0\u00bb column_element_direction_desktop=\u00a0\u00bbdefault\u00a0\u00bb column_element_spacing=\u00a0\u00bbdefault\u00a0\u00bb desktop_text_alignment=\u00a0\u00bbdefault\u00a0\u00bb tablet_text_alignment=\u00a0\u00bbdefault\u00a0\u00bb phone_text_alignment=\u00a0\u00bbdefault\u00a0\u00bb background_color_opacity=\u00a0\u00bb1&Prime; background_hover_color_opacity=\u00a0\u00bb1&Prime; column_backdrop_filter=\u00a0\u00bbnone\u00a0\u00bb column_shadow=\u00a0\u00bbnone\u00a0\u00bb column_border_radius=\u00a0\u00bbnone\u00a0\u00bb column_link_target=\u00a0\u00bb_self\u00a0\u00bb column_position=\u00a0\u00bbdefault\u00a0\u00bb gradient_direction=\u00a0\u00bbleft_to_right\u00a0\u00bb overlay_strength=\u00a0\u00bb0.3&Prime; width=\u00a0\u00bb1\/1&Prime; tablet_width_inherit=\u00a0\u00bbdefault\u00a0\u00bb animation_type=\u00a0\u00bbdefault\u00a0\u00bb bg_image_animation=\u00a0\u00bbnone\u00a0\u00bb border_type=\u00a0\u00bbsimple\u00a0\u00bb column_border_width=\u00a0\u00bbnone\u00a0\u00bb column_border_style=\u00a0\u00bbsolid\u00a0\u00bb][vc_column_text]\n<h2>Ce que disent nos clients<\/h2>\n[\/vc_column_text][vc_raw_html]W3RydXN0aW5kZXggbm8tcmVnaXN0cmF0aW9uPSJnb29nbGUiXQ==[\/vc_raw_html][\/vc_column][\/vc_row]\n","protected":false},"excerpt":{"rendered":"<p>[vc_row type=\u00a0\u00bbin_container\u00a0\u00bb full_screen_row_position=\u00a0\u00bbmiddle\u00a0\u00bb column_margin=\u00a0\u00bbdefault\u00a0\u00bb column_direction=\u00a0\u00bbdefault\u00a0\u00bb column_direction_tablet=\u00a0\u00bbcolumn_reverse\u00a0\u00bb column_direction_phone=\u00a0\u00bbdefault\u00a0\u00bb scene_position=\u00a0\u00bbcenter\u00a0\u00bb top_padding=\u00a0\u00bb3%\u00a0\u00bb constrain_group_1=\u00a0\u00bbyes\u00a0\u00bb bottom_padding=\u00a0\u00bb3%\u00a0\u00bb text_color=\u00a0\u00bbdark\u00a0\u00bb text_align=\u00a0\u00bbleft\u00a0\u00bb row_border_radius=\u00a0\u00bbnone\u00a0\u00bb row_border_radius_applies=\u00a0\u00bbbg\u00a0\u00bb overflow=\u00a0\u00bbvisible\u00a0\u00bb overlay_strength=\u00a0\u00bb0.3&Prime; gradient_direction=\u00a0\u00bbleft_to_right\u00a0\u00bb shape_divider_position=\u00a0\u00bbbottom\u00a0\u00bb bg_image_animation=\u00a0\u00bbnone\u00a0\u00bb gradient_type=\u00a0\u00bbdefault\u00a0\u00bb shape_type=\u00a0\u00bb\u00a0\u00bb][vc_column column_padding=\u00a0\u00bbno-extra-padding\u00a0\u00bb column_padding_tablet=\u00a0\u00bbinherit\u00a0\u00bb column_padding_phone=\u00a0\u00bbinherit\u00a0\u00bb column_padding_position=\u00a0\u00bball\u00a0\u00bb column_element_direction_desktop=\u00a0\u00bbdefault\u00a0\u00bb column_element_spacing=\u00a0\u00bbdefault\u00a0\u00bb desktop_text_alignment=\u00a0\u00bbdefault\u00a0\u00bb tablet_text_alignment=\u00a0\u00bbdefault\u00a0\u00bb&#8230;<\/p>\n","protected":false},"author":4,"featured_media":1215,"parent":1770,"menu_order":0,"comment_status":"closed","ping_status":"closed","template":"","meta":{"inline_featured_image":false,"footnotes":""},"class_list":["post-2874","page","type-page","status-publish","has-post-thumbnail"],"yoast_head":"<!-- This site is optimized with the Yoast SEO plugin v27.5 - https:\/\/yoast.com\/product\/yoast-seo-wordpress\/ -->\n<title>D\u00e9tails de la formation \u00e0 la comp\u00e9tence des op\u00e9rateurs de chariots t\u00e9lescopiques rigides - Formaz<\/title>\n<meta name=\"description\" content=\"Conduire un chariot t\u00e9lescopique rigide en toute s\u00e9curit\u00e9 gr\u00e2ce \u00e0 une formation Formaz. Vous pouvez opter pour une formation de base ou une formation continue.\" \/>\n<meta name=\"robots\" content=\"index, follow, max-snippet:-1, max-image-preview:large, max-video-preview:-1\" \/>\n<link rel=\"canonical\" href=\"https:\/\/formaz.be\/fr\/formations\/transport-interne\/chariot-elevateur-telescopique-fixe\/details-de-la-formation-des-operateurs-de-chariots-telescopiques-rigides\/\" \/>\n<meta property=\"og:locale\" content=\"fr_FR\" \/>\n<meta property=\"og:type\" content=\"article\" \/>\n<meta property=\"og:title\" content=\"D\u00e9tails de la formation \u00e0 la comp\u00e9tence des op\u00e9rateurs de chariots t\u00e9lescopiques rigides - Formaz\" \/>\n<meta property=\"og:description\" content=\"Conduire un chariot t\u00e9lescopique rigide en toute s\u00e9curit\u00e9 gr\u00e2ce \u00e0 une formation Formaz. Vous pouvez opter pour une formation de base ou une formation continue.\" \/>\n<meta property=\"og:url\" content=\"https:\/\/formaz.be\/fr\/formations\/transport-interne\/chariot-elevateur-telescopique-fixe\/details-de-la-formation-des-operateurs-de-chariots-telescopiques-rigides\/\" \/>\n<meta property=\"og:site_name\" content=\"Formaz\" \/>\n<meta property=\"article:modified_time\" content=\"2024-08-30T11:54:41+00:00\" \/>\n<meta property=\"og:image\" content=\"https:\/\/formaz.be\/wp-content\/uploads\/2024\/06\/opleiding-verreiker.jpg\" \/>\n\t<meta property=\"og:image:width\" content=\"200\" \/>\n\t<meta property=\"og:image:height\" content=\"200\" \/>\n\t<meta property=\"og:image:type\" content=\"image\/jpeg\" \/>\n<meta name=\"twitter:card\" content=\"summary_large_image\" \/>\n<meta name=\"twitter:label1\" content=\"Dur\u00e9e de lecture estim\u00e9e\" \/>\n\t<meta name=\"twitter:data1\" content=\"5 minutes\" \/>\n<script type=\"application\/ld+json\" class=\"yoast-schema-graph\">{\"@context\":\"https:\\\/\\\/schema.org\",\"@graph\":[{\"@type\":\"WebPage\",\"@id\":\"https:\\\/\\\/formaz.be\\\/fr\\\/formations\\\/transport-interne\\\/chariot-elevateur-telescopique-fixe\\\/details-de-la-formation-des-operateurs-de-chariots-telescopiques-rigides\\\/\",\"url\":\"https:\\\/\\\/formaz.be\\\/fr\\\/formations\\\/transport-interne\\\/chariot-elevateur-telescopique-fixe\\\/details-de-la-formation-des-operateurs-de-chariots-telescopiques-rigides\\\/\",\"name\":\"D\u00e9tails de la formation \u00e0 la comp\u00e9tence des op\u00e9rateurs de chariots t\u00e9lescopiques rigides - Formaz\",\"isPartOf\":{\"@id\":\"https:\\\/\\\/formaz.be\\\/fr\\\/#website\"},\"primaryImageOfPage\":{\"@id\":\"https:\\\/\\\/formaz.be\\\/fr\\\/formations\\\/transport-interne\\\/chariot-elevateur-telescopique-fixe\\\/details-de-la-formation-des-operateurs-de-chariots-telescopiques-rigides\\\/#primaryimage\"},\"image\":{\"@id\":\"https:\\\/\\\/formaz.be\\\/fr\\\/formations\\\/transport-interne\\\/chariot-elevateur-telescopique-fixe\\\/details-de-la-formation-des-operateurs-de-chariots-telescopiques-rigides\\\/#primaryimage\"},\"thumbnailUrl\":\"https:\\\/\\\/formaz.be\\\/wp-content\\\/uploads\\\/2024\\\/06\\\/opleiding-verreiker.jpg\",\"datePublished\":\"2024-08-22T11:44:44+00:00\",\"dateModified\":\"2024-08-30T11:54:41+00:00\",\"description\":\"Conduire un chariot t\u00e9lescopique rigide en toute s\u00e9curit\u00e9 gr\u00e2ce \u00e0 une formation Formaz. Vous pouvez opter pour une formation de base ou une formation continue.\",\"breadcrumb\":{\"@id\":\"https:\\\/\\\/formaz.be\\\/fr\\\/formations\\\/transport-interne\\\/chariot-elevateur-telescopique-fixe\\\/details-de-la-formation-des-operateurs-de-chariots-telescopiques-rigides\\\/#breadcrumb\"},\"inLanguage\":\"fr-FR\",\"potentialAction\":[{\"@type\":\"ReadAction\",\"target\":[\"https:\\\/\\\/formaz.be\\\/fr\\\/formations\\\/transport-interne\\\/chariot-elevateur-telescopique-fixe\\\/details-de-la-formation-des-operateurs-de-chariots-telescopiques-rigides\\\/\"]}]},{\"@type\":\"ImageObject\",\"inLanguage\":\"fr-FR\",\"@id\":\"https:\\\/\\\/formaz.be\\\/fr\\\/formations\\\/transport-interne\\\/chariot-elevateur-telescopique-fixe\\\/details-de-la-formation-des-operateurs-de-chariots-telescopiques-rigides\\\/#primaryimage\",\"url\":\"https:\\\/\\\/formaz.be\\\/wp-content\\\/uploads\\\/2024\\\/06\\\/opleiding-verreiker.jpg\",\"contentUrl\":\"https:\\\/\\\/formaz.be\\\/wp-content\\\/uploads\\\/2024\\\/06\\\/opleiding-verreiker.jpg\",\"width\":200,\"height\":200},{\"@type\":\"BreadcrumbList\",\"@id\":\"https:\\\/\\\/formaz.be\\\/fr\\\/formations\\\/transport-interne\\\/chariot-elevateur-telescopique-fixe\\\/details-de-la-formation-des-operateurs-de-chariots-telescopiques-rigides\\\/#breadcrumb\",\"itemListElement\":[{\"@type\":\"ListItem\",\"position\":1,\"name\":\"Home\",\"item\":\"https:\\\/\\\/formaz.be\\\/fr\\\/\"},{\"@type\":\"ListItem\",\"position\":2,\"name\":\"Formations\",\"item\":\"https:\\\/\\\/formaz.be\\\/fr\\\/formations\\\/\"},{\"@type\":\"ListItem\",\"position\":3,\"name\":\"Transport interne\",\"item\":\"https:\\\/\\\/formaz.be\\\/fr\\\/opleidingen\\\/intern-transport\\\/\"},{\"@type\":\"ListItem\",\"position\":4,\"name\":\"Formation de conducteurs d&#8217;engins t\u00e9lescopiques rigides\",\"item\":\"https:\\\/\\\/formaz.be\\\/fr\\\/opleidingen\\\/intern-transport\\\/starre-verreiker\\\/\"},{\"@type\":\"ListItem\",\"position\":5,\"name\":\"D\u00e9tails de la formation \u00e0 la comp\u00e9tence des op\u00e9rateurs de chariots t\u00e9lescopiques rigides\"}]},{\"@type\":\"WebSite\",\"@id\":\"https:\\\/\\\/formaz.be\\\/fr\\\/#website\",\"url\":\"https:\\\/\\\/formaz.be\\\/fr\\\/\",\"name\":\"Formaz\",\"description\":\"Specialist in opleidingen logistiek, transport en veiligheid\",\"publisher\":{\"@id\":\"https:\\\/\\\/formaz.be\\\/fr\\\/#organization\"},\"potentialAction\":[{\"@type\":\"SearchAction\",\"target\":{\"@type\":\"EntryPoint\",\"urlTemplate\":\"https:\\\/\\\/formaz.be\\\/fr\\\/?s={search_term_string}\"},\"query-input\":{\"@type\":\"PropertyValueSpecification\",\"valueRequired\":true,\"valueName\":\"search_term_string\"}}],\"inLanguage\":\"fr-FR\"},{\"@type\":\"Organization\",\"@id\":\"https:\\\/\\\/formaz.be\\\/fr\\\/#organization\",\"name\":\"Formaz\",\"url\":\"https:\\\/\\\/formaz.be\\\/fr\\\/\",\"logo\":{\"@type\":\"ImageObject\",\"inLanguage\":\"fr-FR\",\"@id\":\"https:\\\/\\\/formaz.be\\\/fr\\\/#\\\/schema\\\/logo\\\/image\\\/\",\"url\":\"https:\\\/\\\/formaz.be\\\/wp-content\\\/uploads\\\/2024\\\/05\\\/Formaz-01-1@2x-e1715592103704.png\",\"contentUrl\":\"https:\\\/\\\/formaz.be\\\/wp-content\\\/uploads\\\/2024\\\/05\\\/Formaz-01-1@2x-e1715592103704.png\",\"width\":534,\"height\":144,\"caption\":\"Formaz\"},\"image\":{\"@id\":\"https:\\\/\\\/formaz.be\\\/fr\\\/#\\\/schema\\\/logo\\\/image\\\/\"}}]}<\/script>\n<!-- \/ Yoast SEO plugin. -->","yoast_head_json":{"title":"D\u00e9tails de la formation \u00e0 la comp\u00e9tence des op\u00e9rateurs de chariots t\u00e9lescopiques rigides - Formaz","description":"Conduire un chariot t\u00e9lescopique rigide en toute s\u00e9curit\u00e9 gr\u00e2ce \u00e0 une formation Formaz. Vous pouvez opter pour une formation de base ou une formation continue.","robots":{"index":"index","follow":"follow","max-snippet":"max-snippet:-1","max-image-preview":"max-image-preview:large","max-video-preview":"max-video-preview:-1"},"canonical":"https:\/\/formaz.be\/fr\/formations\/transport-interne\/chariot-elevateur-telescopique-fixe\/details-de-la-formation-des-operateurs-de-chariots-telescopiques-rigides\/","og_locale":"fr_FR","og_type":"article","og_title":"D\u00e9tails de la formation \u00e0 la comp\u00e9tence des op\u00e9rateurs de chariots t\u00e9lescopiques rigides - Formaz","og_description":"Conduire un chariot t\u00e9lescopique rigide en toute s\u00e9curit\u00e9 gr\u00e2ce \u00e0 une formation Formaz. Vous pouvez opter pour une formation de base ou une formation continue.","og_url":"https:\/\/formaz.be\/fr\/formations\/transport-interne\/chariot-elevateur-telescopique-fixe\/details-de-la-formation-des-operateurs-de-chariots-telescopiques-rigides\/","og_site_name":"Formaz","article_modified_time":"2024-08-30T11:54:41+00:00","og_image":[{"width":200,"height":200,"url":"https:\/\/formaz.be\/wp-content\/uploads\/2024\/06\/opleiding-verreiker.jpg","type":"image\/jpeg"}],"twitter_card":"summary_large_image","twitter_misc":{"Dur\u00e9e de lecture estim\u00e9e":"5 minutes"},"schema":{"@context":"https:\/\/schema.org","@graph":[{"@type":"WebPage","@id":"https:\/\/formaz.be\/fr\/formations\/transport-interne\/chariot-elevateur-telescopique-fixe\/details-de-la-formation-des-operateurs-de-chariots-telescopiques-rigides\/","url":"https:\/\/formaz.be\/fr\/formations\/transport-interne\/chariot-elevateur-telescopique-fixe\/details-de-la-formation-des-operateurs-de-chariots-telescopiques-rigides\/","name":"D\u00e9tails de la formation \u00e0 la comp\u00e9tence des op\u00e9rateurs de chariots t\u00e9lescopiques rigides - Formaz","isPartOf":{"@id":"https:\/\/formaz.be\/fr\/#website"},"primaryImageOfPage":{"@id":"https:\/\/formaz.be\/fr\/formations\/transport-interne\/chariot-elevateur-telescopique-fixe\/details-de-la-formation-des-operateurs-de-chariots-telescopiques-rigides\/#primaryimage"},"image":{"@id":"https:\/\/formaz.be\/fr\/formations\/transport-interne\/chariot-elevateur-telescopique-fixe\/details-de-la-formation-des-operateurs-de-chariots-telescopiques-rigides\/#primaryimage"},"thumbnailUrl":"https:\/\/formaz.be\/wp-content\/uploads\/2024\/06\/opleiding-verreiker.jpg","datePublished":"2024-08-22T11:44:44+00:00","dateModified":"2024-08-30T11:54:41+00:00","description":"Conduire un chariot t\u00e9lescopique rigide en toute s\u00e9curit\u00e9 gr\u00e2ce \u00e0 une formation Formaz. Vous pouvez opter pour une formation de base ou une formation continue.","breadcrumb":{"@id":"https:\/\/formaz.be\/fr\/formations\/transport-interne\/chariot-elevateur-telescopique-fixe\/details-de-la-formation-des-operateurs-de-chariots-telescopiques-rigides\/#breadcrumb"},"inLanguage":"fr-FR","potentialAction":[{"@type":"ReadAction","target":["https:\/\/formaz.be\/fr\/formations\/transport-interne\/chariot-elevateur-telescopique-fixe\/details-de-la-formation-des-operateurs-de-chariots-telescopiques-rigides\/"]}]},{"@type":"ImageObject","inLanguage":"fr-FR","@id":"https:\/\/formaz.be\/fr\/formations\/transport-interne\/chariot-elevateur-telescopique-fixe\/details-de-la-formation-des-operateurs-de-chariots-telescopiques-rigides\/#primaryimage","url":"https:\/\/formaz.be\/wp-content\/uploads\/2024\/06\/opleiding-verreiker.jpg","contentUrl":"https:\/\/formaz.be\/wp-content\/uploads\/2024\/06\/opleiding-verreiker.jpg","width":200,"height":200},{"@type":"BreadcrumbList","@id":"https:\/\/formaz.be\/fr\/formations\/transport-interne\/chariot-elevateur-telescopique-fixe\/details-de-la-formation-des-operateurs-de-chariots-telescopiques-rigides\/#breadcrumb","itemListElement":[{"@type":"ListItem","position":1,"name":"Home","item":"https:\/\/formaz.be\/fr\/"},{"@type":"ListItem","position":2,"name":"Formations","item":"https:\/\/formaz.be\/fr\/formations\/"},{"@type":"ListItem","position":3,"name":"Transport interne","item":"https:\/\/formaz.be\/fr\/opleidingen\/intern-transport\/"},{"@type":"ListItem","position":4,"name":"Formation de conducteurs d&#8217;engins t\u00e9lescopiques rigides","item":"https:\/\/formaz.be\/fr\/opleidingen\/intern-transport\/starre-verreiker\/"},{"@type":"ListItem","position":5,"name":"D\u00e9tails de la formation \u00e0 la comp\u00e9tence des op\u00e9rateurs de chariots t\u00e9lescopiques rigides"}]},{"@type":"WebSite","@id":"https:\/\/formaz.be\/fr\/#website","url":"https:\/\/formaz.be\/fr\/","name":"Formaz","description":"Specialist in opleidingen logistiek, transport en veiligheid","publisher":{"@id":"https:\/\/formaz.be\/fr\/#organization"},"potentialAction":[{"@type":"SearchAction","target":{"@type":"EntryPoint","urlTemplate":"https:\/\/formaz.be\/fr\/?s={search_term_string}"},"query-input":{"@type":"PropertyValueSpecification","valueRequired":true,"valueName":"search_term_string"}}],"inLanguage":"fr-FR"},{"@type":"Organization","@id":"https:\/\/formaz.be\/fr\/#organization","name":"Formaz","url":"https:\/\/formaz.be\/fr\/","logo":{"@type":"ImageObject","inLanguage":"fr-FR","@id":"https:\/\/formaz.be\/fr\/#\/schema\/logo\/image\/","url":"https:\/\/formaz.be\/wp-content\/uploads\/2024\/05\/Formaz-01-1@2x-e1715592103704.png","contentUrl":"https:\/\/formaz.be\/wp-content\/uploads\/2024\/05\/Formaz-01-1@2x-e1715592103704.png","width":534,"height":144,"caption":"Formaz"},"image":{"@id":"https:\/\/formaz.be\/fr\/#\/schema\/logo\/image\/"}}]}},"_links":{"self":[{"href":"https:\/\/formaz.be\/fr\/wp-json\/wp\/v2\/pages\/2874","targetHints":{"allow":["GET"]}}],"collection":[{"href":"https:\/\/formaz.be\/fr\/wp-json\/wp\/v2\/pages"}],"about":[{"href":"https:\/\/formaz.be\/fr\/wp-json\/wp\/v2\/types\/page"}],"author":[{"embeddable":true,"href":"https:\/\/formaz.be\/fr\/wp-json\/wp\/v2\/users\/4"}],"replies":[{"embeddable":true,"href":"https:\/\/formaz.be\/fr\/wp-json\/wp\/v2\/comments?post=2874"}],"version-history":[{"count":13,"href":"https:\/\/formaz.be\/fr\/wp-json\/wp\/v2\/pages\/2874\/revisions"}],"predecessor-version":[{"id":3618,"href":"https:\/\/formaz.be\/fr\/wp-json\/wp\/v2\/pages\/2874\/revisions\/3618"}],"up":[{"embeddable":true,"href":"https:\/\/formaz.be\/fr\/wp-json\/wp\/v2\/pages\/1770"}],"wp:featuredmedia":[{"embeddable":true,"href":"https:\/\/formaz.be\/fr\/wp-json\/wp\/v2\/media\/1215"}],"wp:attachment":[{"href":"https:\/\/formaz.be\/fr\/wp-json\/wp\/v2\/media?parent=2874"}],"curies":[{"name":"wp","href":"https:\/\/api.w.org\/{rel}","templated":true}]}}